{"id":351,"date":"2015-08-26T13:51:08","date_gmt":"2015-08-26T12:51:08","guid":{"rendered":"http:\/\/www.deneriaz.ch\/?page_id=351"},"modified":"2018-03-27T15:37:34","modified_gmt":"2018-03-27T14:37:34","slug":"historique","status":"publish","type":"page","link":"https:\/\/www.deneriaz.ch\/?page_id=351","title":{"rendered":"Historique"},"content":{"rendered":"<h3>Pr\u00e9sentation de l&rsquo;entreprise<\/h3>\n<p><span style=\"font-size: 14pt;\">L&rsquo;entreprise D\u00e9n\u00e9riaz SA, fond\u00e9e e<span style=\"color: #000000;\">n 1932 par G<\/span>ustave D\u00e9n\u00e9riaz, est active dans tous les travaux de b\u00e2timents (constructions nouvelles ou transformations), g\u00e9nie civil et travaux souterrains. Avec une centaine de collaborateurs, notre soci\u00e9t\u00e9 lausannoise g\u00e8re de grands projets en appliquant une v\u00e9ritable politique Qualit\u00e9-S\u00e9curit\u00e9-Environnement (QSE).<\/span><\/p>\n<p><span style=\"font-size: 14pt;\">D\u00e9n\u00e9riaz SA a une longue histoire qui d\u00e9marre en 1955 lorsque son fondateur s&rsquo;associe avec Willy Hubacher, ing\u00e9nieur \u00e0 Sion, pour pouvoir participer aux travaux hydro-\u00e9lectriques en Valais. Les deux hommes vont ainsi cr\u00e9er une soci\u00e9t\u00e9 anonyme et ouvrent une succursale \u00e0 Sion. Mais en 1975, D\u00e9n\u00e9riaz Sion SA et D\u00e9n\u00e9riaz Lausanne SA se s\u00e9parent en deux entit\u00e9s juridiquement et commercialement ind\u00e9pendantes.<\/span><\/p>\n<p><span style=\"font-size: 14pt;\">Dans les ann\u00e9es nonante Fran\u00e7ois Martinet et Jean-Pierre Rosselet ont repris les r\u00eanes de l&rsquo;entreprise avant d&rsquo;\u00eatre rejoints par Jean-Luc Jaquier et Franco Rubin.<\/span><\/p>\n<p><span style=\"font-size: 14pt;\">Aujourd&rsquo;hui Messieurs Jaquier et Rubin d\u00e9tiennent la majorit\u00e9 du capital-actions de l&rsquo;entreprise.<\/span><\/p>\n<h3>Un large spectre de services<\/h3>\n<p><span style=\"font-size: 14pt;\">Forte de sa longue exp\u00e9rience, notre soci\u00e9t\u00e9 est active dans toutes les disciplines du b\u00e2timent, du g\u00e9nie civil et des travaux souterrains.<\/span><\/p>\n<ul>\n<li><span style=\"font-size: 14pt;\">Dans le domaine routier et ferroviaire, l&rsquo;OFROU, l&rsquo;Etat de Vaud et les CFF sont les principaux mandataires de projets, \u00e0 l&rsquo;instar des travaux r\u00e9alis\u00e9s en consortium sur les tunnels d&rsquo;Arrissoules ou de Glion, ou encore celui du train Lausanne-Echallens-Bercher (LEB).<\/span><\/li>\n<li><span style=\"font-size: 14pt;\">D\u00e9n\u00e9riaz a \u00e9galement particip\u00e9 \u00e0 la r\u00e9alisation du M\u00e9tro M2 \u00e0 Lausanne en tant qu&rsquo;entreprise pilote.<\/span><\/li>\n<li><span style=\"font-size: 14pt;\">Dans le d\u00e9licat environnement hospitalier o\u00f9 il faut porter une attention particuli\u00e8re au bruit et \u00e0 la s\u00e9curit\u00e9, D\u00e9n\u00e9riaz a effectu\u00e9 des travaux dans les cliniques C\u00e9cil, la Source et Bois-Cerf.<\/span><\/li>\n<\/ul>\n<p><span style=\"font-size: 14pt;\">L&rsquo;entreprise travaille \u00e9galement pour des clients priv\u00e9s, comme la r\u00e9alisation de b\u00e2timents d&rsquo;habitations PPE ou commerciaux.<\/span><\/p>\n<h3>Une grande entreprise \u00e0 la r\u00e9activit\u00e9 intacte<\/h3>\n<p><span style=\"font-size: 14pt;\">Bien que D\u00e9n\u00e9riaz soit une soci\u00e9t\u00e9 capable de r\u00e9aliser des projets de grande envergure, elle a su garder tout sa r\u00e9activit\u00e9. Le client reste au centre de ses pr\u00e9occupations ce qui permet de lui proposer des prestations de qualit\u00e9 et respectueuses de l&rsquo;environnement.<\/span><\/p>\n<p><span style=\"font-size: 14pt;\">La perspective de d\u00e9veloppement est de consolider le chiffre d&rsquo;affaires des derni\u00e8res ann\u00e9es, tout en maintenant la politique QSE.<\/span><\/p>\n<h3>Film des 75 ans de D\u00e9n\u00e9riaz SA<\/h3>\n<div class=\"epyt-video-wrapper\"><iframe  style=\"display: block; margin: 0px auto;\"  id=\"_ytid_43589\"  width=\"750\" height=\"422\"  data-origwidth=\"750\" data-origheight=\"422\" src=\"https:\/\/www.youtube.com\/embed\/2timcXyPs2A?enablejsapi=1&autoplay=1&cc_load_policy=0&cc_lang_pref=&iv_load_policy=1&loop=0&rel=0&fs=1&playsinline=0&autohide=2&theme=dark&color=red&controls=1&disablekb=0&\" class=\"__youtube_prefs__  no-lazyload\" title=\"YouTube player\"  allow=\"fullscreen; accelerometer; autoplay; clipboard-write; encrypted-media; gyroscope; picture-in-picture; web-share\" referrerpolicy=\"strict-origin-when-cross-origin\" allowfullscreen data-no-lazy=\"1\" data-skipgform_ajax_framebjll=\"\"><\/iframe><\/div>\n","protected":false},"excerpt":{"rendered":"<p>Pr\u00e9sentation de l&rsquo;entreprise L&rsquo;entreprise D\u00e9n\u00e9riaz SA, fond\u00e9e en 1932 par Gustave D\u00e9n\u00e9riaz, est active dans tous les travaux de b\u00e2timents (constructions nouvelles ou transformations), g\u00e9nie civil et travaux souterrains. Avec une centaine de collaborateurs, notre soci\u00e9t\u00e9 lausannoise g\u00e8re de grands projets en appliquant une v\u00e9ritable politique Qualit\u00e9-S\u00e9curit\u00e9-Environnement (QSE). D\u00e9n\u00e9riaz SA[&#8230;]<\/p>\n","protected":false},"author":1,"featured_media":0,"parent":0,"menu_order":0,"comment_status":"closed","ping_status":"closed","template":"template-fullwidth.php","meta":[],"_links":{"self":[{"href":"https:\/\/www.deneriaz.ch\/index.php?rest_route=\/wp\/v2\/pages\/351"}],"collection":[{"href":"https:\/\/www.deneriaz.ch\/index.php?rest_route=\/wp\/v2\/pages"}],"about":[{"href":"https:\/\/www.deneriaz.ch\/index.php?rest_route=\/wp\/v2\/types\/page"}],"author":[{"embeddable":true,"href":"https:\/\/www.deneriaz.ch\/index.php?rest_route=\/wp\/v2\/users\/1"}],"replies":[{"embeddable":true,"href":"https:\/\/www.deneriaz.ch\/index.php?rest_route=%2Fwp%2Fv2%2Fcomments&post=351"}],"version-history":[{"count":19,"href":"https:\/\/www.deneriaz.ch\/index.php?rest_route=\/wp\/v2\/pages\/351\/revisions"}],"predecessor-version":[{"id":1289,"href":"https:\/\/www.deneriaz.ch\/index.php?rest_route=\/wp\/v2\/pages\/351\/revisions\/1289"}],"wp:attachment":[{"href":"https:\/\/www.deneriaz.ch\/index.php?rest_route=%2Fwp%2Fv2%2Fmedia&parent=351"}],"curies":[{"name":"wp","href":"https:\/\/api.w.org\/{rel}","templated":true}]}}